{"id":9411,"date":"2026-06-18T08:31:31","date_gmt":"2026-06-18T05:31:31","guid":{"rendered":"https:\/\/www.phys.uaic.ro\/new-phys\/?page_id=9411"},"modified":"2026-08-21T11:58:26","modified_gmt":"2026-08-21T08:58:26","slug":"gradul-didactic-i","status":"publish","type":"page","link":"https:\/\/www.phys.uaic.ro\/new-phys\/gradul-didactic-i\/","title":{"rendered":"Gradul didactic I"},"content":{"rendered":"\n<h2 class=\"wp-block-heading\">Candida\u021bi \u00eenscri\u0219i seria 2025-2027<\/h2>\n\n\n\n<p class=\"wp-block-paragraph\">Informa\u021bii privind depunerea lucr\u0103rii metodico-\u0219tiin\u021bifice august 2026<\/p>\n\n\n\n<ol class=\"wp-block-list\">\n<li>Depunerea lucr\u0103rilor metodico-\u0219tiintifice se face la secretariatul Facult\u0103\u021bii de Fizic\u0103 p\u00e2n\u0103 la data de <strong>31 august 2026<\/strong> (\u00een zilele lucr\u0103toare).<\/li>\n\n\n\n<li>Taxa depunere lucrare grad I (<em>analiza, \u00eendrumare \u0219i evaluare<\/em> lucrare metodic\u0103 \u0219tiin\u021bific\u0103 de gradul didactic l): <strong>300 lei<\/strong> &#8211; de achitat la <strong>BRD<\/strong> &#8211; cont R068BRDE240SV89534452400 deschis pe numele Universit\u0103\u021bii &#8222;Alexandru Ioan Cuza&#8221; din la\u0219i<strong>, Cod taxa &#8211; 106; Forma de \u00eenv\u0103\u021b\u0103m\u00e2nt &#8211; 01; Zona \u2013 (se specific\u0103 Facultatea de Fizic\u0103)<\/strong><\/li>\n<\/ol>\n\n\n\n<p class=\"wp-block-paragraph\">V\u0103 comunic\u0103m c\u00e2teva informa\u021bii necesare, extrase din <em>Anexa O.M. 55611 2011 &#8211; Metodologia privind formarea continua a personalului didactic din \u00eenv\u0103\u021b\u0103m\u00e2ntul preuniversitar<\/em>, \u00een vederea ob\u021binerii gradului didactic I.<\/p>\n\n\n\n<h3 class=\"wp-block-heading\"><a><\/a>Art. 35 Elaborarea lucr\u0103rii metodico-\u0219tiin\u021bifice<\/h3>\n\n\n\n<p class=\"wp-block-paragraph\">(11) <strong>Depunerea lucr\u0103rilor metodico-\u0219tiin\u021bifice<\/strong> se face la secretariatul Facult\u0103\u021bii de Fizic\u0103, astfel:<\/p>\n\n\n\n<ul class=\"wp-block-list\">\n<li>\u00een forma scris\u0103, fa\u021b\u0103\/verso, legat\u0103 <strong>tip carte<\/strong><\/li>\n\n\n\n<li>pe suport electronic, respectiv <strong>pe<\/strong> <strong>CD<\/strong>, <strong>format<\/strong> <strong>PDF<\/strong>.<\/li>\n<\/ul>\n\n\n\n<p class=\"wp-block-paragraph\"><strong>Ultima pagina a lucr\u0103rii cuprinde Declara\u021bia de autenticitate (<em>se descarc\u0103 de pe site-ul facult\u0103\u021bii si se completeaz\u0103 doar cu pix albastru \u0219i cu majuscule)<\/em><\/strong><\/p>\n\n\n\n<p class=\"wp-block-paragraph\">din care rezult\u0103 c\u0103:<\/p>\n\n\n\n<ol style=\"list-style-type:lower-alpha\" class=\"wp-block-list\">\n<li>lucrarea a fost elaborat\u0103 personal \u0219i apar\u021bine \u00een \u00eentregime candidatului;<\/li>\n\n\n\n<li>nu au fost folosite alte surse dec\u00e2t cele men\u021bionate \u00een bibliografie;<\/li>\n\n\n\n<li>nu au fost preluate texte, date sau elemente de grafic\u0103 din alte lucr\u0103ri sau din alte surse f\u0103r\u0103 a fi citate \u0219i f\u0103r\u0103 a fi precizat\u0103 sursa prelu\u0103rii, inclusiv \u00een cazul \u00een care sursa o reprezint\u0103 alte lucr\u0103ri ale candidatului;<\/li>\n\n\n\n<li>lucrarea nu a mai fost folosit\u0103 \u00een alte contexte de examen sau de concurs.<\/li>\n<\/ol>\n\n\n\n<ul class=\"wp-block-list\">\n<li>Pentru depunerea lucr\u0103rii este necesar <strong>Avizul scris al conduc\u0103torului \u0219tiin\u021bific<\/strong><\/li>\n<\/ul>\n\n\n\n<p class=\"wp-block-paragraph\">In cazul in care lucrarea nu este avizat\u0103 pentru depunere, conduc\u0103torul \u0219tiin\u021bific are obliga\u021bia de a preciza motivele respingerii. Candida\u021bii ale c\u0103ror lucr\u0103ri nu au fost avizate pot s\u0103 depun\u0103 contesta\u021bie in termen de doua zile de la data limita de depunere a lucr\u0103rilor (<strong>1 \u0219i 2 septembrie 2026<\/strong>) Contesta\u021biile se rezolv\u0103 \u00een termen de trei zile de la data depunerii.<\/p>\n\n\n\n<ul class=\"wp-block-list\">\n<li>Lucr\u0103rile metodico-\u0219tiin\u021bifice depuse <strong>se \u00eenregistreaz\u0103, cu num\u0103r \u0219i dat\u0103, la Secretariatul Facult\u0103\u021bii de Fizic\u0103<\/strong>. Candidatul are obliga\u021bia de a depune un exemplar din lucrare \u0219i la biblioteca sau cabinetul metodic din cadrul institu\u021biei de \u00eenv\u0103\u021b\u0103m\u00e2nt unde urmeaz\u0103 sa se desf\u0103\u0219oare inspec\u021bia special\u0103 \u0219i sus\u021binerea lucr\u0103rii, pentru a fi consultat\u0103 de membrii comisiei metodice.<\/li>\n<\/ul>\n\n\n\n<p class=\"wp-block-paragraph\">Conform ORDINULUI 3129\/01.02.2013:<\/p>\n\n\n\n<p class=\"wp-block-paragraph\">Art. 7. &#8211; <strong>Proba de evaluare a lucr\u0103rii<\/strong> metodico-\u0219tiin\u021bifice este evaluat\u0103 printr-o not\u0103 de la 10 la 1, exprimat\u0103 printr-un num\u0103r \u00eentreg sau cu dou\u0103 zecimale. Nota este <strong>acordat\u0103 de conduc\u0103torul \u0219tiin\u021bific<\/strong> \u0219i este \u00eenscris\u0103 la finalul referatului \u00eentocmit de acesta. Pentru a fi acceptat\u0103 la sus\u021binere, lucrarea trebuie s\u0103 primeasc\u0103 <strong>cel pu\u021bin nota 9 (nou\u0103).<\/strong><\/p>\n\n\n\n<p class=\"wp-block-paragraph\">Art. 8. &#8211; Nota la <strong>proba<\/strong> <strong><\/strong><strong>de<\/strong> <strong><\/strong><strong>sus\u021binere<\/strong> <strong><\/strong><strong>a<\/strong> <strong><\/strong><strong>lucr\u0103rii<\/strong> <strong><\/strong>metodico-\u0219tiin\u021bifice se calculeaz\u0103 ca medie aritmetic\u0103 a notelor, de la 10 la 1, <strong>acordate de fiecare dintre cei trei membri ai comisiei<\/strong>, ca num\u0103r \u00eentreg sau cu zecimale. Nota acordat\u0103 nu poate fi contestat\u0103. <strong>Nota minim\u0103 de promovare a acestei probe este 9 (nou\u0103).<\/strong><\/p>\n\n\n\n<h3 class=\"wp-block-heading\"><a><\/a>NOT\u0102:<\/h3>\n\n\n\n<ol class=\"wp-block-list\">\n<li>Pe prima pagina a lucr\u0103rii, numele candidatei se scrie \u00een ordinea dob\u00e2ndirii acesteia, adic\u0103 mai \u00eent\u00e2i cel de na\u0219tere \u0219i apoi de c\u0103s\u0103torie. Ex: <strong>IONESCU C.V. ELENA-MARIA c\u0103s. P0PESCU.<\/strong><\/li>\n\n\n\n<li><strong>Titlul men\u021bionat pe lucrare va corespunde cu exactitate cu cel din cererea depus\u0103 pentru sus\u021binerea colocviului de grad didactic I<\/strong> de la secretariatul Facult\u0103\u021bii de Fizic\u0103.<\/li>\n<\/ol>\n\n\n\n<p class=\"wp-block-paragraph\"><a href=\"https:\/\/www.phys.uaic.ro\/new-phys\/wp-content\/uploads\/2026\/08\/Informatii_privind_depunerea_lucrarii_metodico-stiintifice-aug-2026.pdf\">Aten\u021bie! Informa\u021bii suplimentare sunt cuprinse \u00een documentul din acest link<\/a>. <\/p>\n\n\n\n<p class=\"wp-block-paragraph\"><a href=\"https:\/\/www.phys.uaic.ro\/new-phys\/wp-content\/uploads\/2026\/08\/Declaratie-de-autenticitate-seria-2025-2027.docx\">Declaratie-de-autenticitate-seria-2025-2027.docx<\/a><\/p>\n\n\n\n<p class=\"wp-block-paragraph\"><a href=\"https:\/\/www.phys.uaic.ro\/new-phys\/wp-content\/uploads\/2026\/08\/Anexa-1-acord-gr-I-pt-protectia-datelor-8.docx\">Anexa-1-acord-gr-I-pt-protectia-datelor-8.docx<\/a><\/p>\n\n\n\n<p class=\"wp-block-paragraph\"><a href=\"https:\/\/www.phys.uaic.ro\/new-phys\/wp-content\/uploads\/2026\/08\/Procedura_grad_1_on-site_online.pdf\">Procedur\u0103 opera\u021bional\u0103 de organizare a activit\u0103\u021bii privind elaborarea \u0219i depunerea lucr\u0103rilor metodico-\u0219tiin\u021bifice, \u00eentocmirea comisiilor \u0219i transmiterea rezultatelor finale \u00een vederea ob\u021binerii gradului didactic I \u00een \u00eenv\u0103\u021b\u0103m\u00e2ntul preuniversitar<\/a><\/p>\n","protected":false},"excerpt":{"rendered":"<p>Candida\u021bi \u00eenscri\u0219i seria 2025-2027 Informa\u021bii privind depunerea lucr\u0103rii metodico-\u0219tiin\u021bifice august 2026 V\u0103 comunic\u0103m c\u00e2teva informa\u021bii necesare, extrase din Anexa O.M. 55611 2011 &#8211; Metodologia privind formarea continua a personalului didactic din \u00eenv\u0103\u021b\u0103m\u00e2ntul preuniversitar, \u00een vederea ob\u021binerii gradului didactic I. Art. <a href=\"https:\/\/www.phys.uaic.ro\/new-phys\/gradul-didactic-i\/\"> Read more&#8230;<\/a><\/p>\n","protected":false},"author":3,"featured_media":0,"parent":0,"menu_order":0,"comment_status":"closed","ping_status":"closed","template":"","meta":{"footnotes":""},"class_list":["post-9411","page","type-page","status-publish","hentry"],"_links":{"self":[{"href":"https:\/\/www.phys.uaic.ro\/new-phys\/wp-json\/wp\/v2\/pages\/9411","targetHints":{"allow":["GET"]}}],"collection":[{"href":"https:\/\/www.phys.uaic.ro\/new-phys\/wp-json\/wp\/v2\/pages"}],"about":[{"href":"https:\/\/www.phys.uaic.ro\/new-phys\/wp-json\/wp\/v2\/types\/page"}],"author":[{"embeddable":true,"href":"https:\/\/www.phys.uaic.ro\/new-phys\/wp-json\/wp\/v2\/users\/3"}],"replies":[{"embeddable":true,"href":"https:\/\/www.phys.uaic.ro\/new-phys\/wp-json\/wp\/v2\/comments?post=9411"}],"version-history":[{"count":7,"href":"https:\/\/www.phys.uaic.ro\/new-phys\/wp-json\/wp\/v2\/pages\/9411\/revisions"}],"predecessor-version":[{"id":10072,"href":"https:\/\/www.phys.uaic.ro\/new-phys\/wp-json\/wp\/v2\/pages\/9411\/revisions\/10072"}],"wp:attachment":[{"href":"https:\/\/www.phys.uaic.ro\/new-phys\/wp-json\/wp\/v2\/media?parent=9411"}],"curies":[{"name":"wp","href":"https:\/\/api.w.org\/{rel}","templated":true}]}}